{"id":1982,"date":"2021-01-27T14:55:56","date_gmt":"2021-01-27T14:55:56","guid":{"rendered":"https:\/\/www.advanceceramic.it\/contacts\/"},"modified":"2021-01-28T09:39:19","modified_gmt":"2021-01-28T09:39:19","slug":"contacts","status":"publish","type":"page","link":"https:\/\/www.advanceceramic.it\/fr\/contacts\/","title":{"rendered":"Contacts"},"content":{"rendered":"\t\t<div data-elementor-type=\"wp-page\" data-elementor-id=\"1982\" class=\"elementor elementor-1982 elementor-1506\" data-elementor-settings=\"[]\">\n\t\t\t\t\t\t<div class=\"elementor-inner\">\n\t\t\t\t\t\t\t<div class=\"elementor-section-wrap\">\n\t\t\t\t\t\t\t<section class=\"elementor-section elementor-top-section elementor-element elementor-element-8e0cb54 elementor-section-boxed elementor-section-height-default elementor-section-height-default\" data-id=\"8e0cb54\" data-element_type=\"section\">\n\t\t\t\t\t\t<div class=\"elementor-container elementor-column-gap-default\">\n\t\t\t\t\t\t\t<div class=\"elementor-row\">\n\t\t\t\t\t<div class=\"elementor-column elementor-col-100 elementor-top-column elementor-element elementor-element-22fcdbb\" data-id=\"22fcdbb\" data-element_type=\"column\">\n\t\t\t<div class=\"elementor-column-wrap elementor-element-populated\">\n\t\t\t\t\t\t\t<div class=\"elementor-widget-wrap\">\n\t\t\t\t\t\t<div class=\"elementor-element elementor-element-36a41d0 elementor-widget elementor-widget-text-editor\" data-id=\"36a41d0\" data-element_type=\"widget\" data-widget_type=\"text-editor.default\">\n\t\t\t\t<div class=\"elementor-widget-container\">\n\t\t\t\t\t\t\t\t<div class=\"elementor-text-editor elementor-clearfix\">\n\t\t\t\t<div class=\"page\" title=\"Page 1\"><div class=\"layoutArea\"><div class=\"column\"><p>Nous contacter<\/p><\/div><\/div><\/div>\t\t\t\t\t<\/div>\n\t\t\t\t\t\t<\/div>\n\t\t\t\t<\/div>\n\t\t\t\t<div class=\"elementor-element elementor-element-78e4000 elementor-widget elementor-widget-text-editor\" data-id=\"78e4000\" data-element_type=\"widget\" data-widget_type=\"text-editor.default\">\n\t\t\t\t<div class=\"elementor-widget-container\">\n\t\t\t\t\t\t\t\t<div class=\"elementor-text-editor elementor-clearfix\">\n\t\t\t\t<p>Voulez-vous en savoir plus sur notre technologie?<br \/>N&rsquo;h\u00e9sitez pas \u00e0 nous contacter: remplissez le formulaire ci-dessous, nous vous r\u00e9pondrons dans les plus brefs d\u00e9lais!<\/p>\t\t\t\t\t<\/div>\n\t\t\t\t\t\t<\/div>\n\t\t\t\t<\/div>\n\t\t\t\t\t\t<\/div>\n\t\t\t\t\t<\/div>\n\t\t<\/div>\n\t\t\t\t\t\t\t\t<\/div>\n\t\t\t\t\t<\/div>\n\t\t<\/section>\n\t\t\t\t<section class=\"elementor-section elementor-top-section elementor-element elementor-element-0979d68 elementor-section-boxed elementor-section-height-default elementor-section-height-default\" data-id=\"0979d68\" data-element_type=\"section\">\n\t\t\t\t\t\t<div class=\"elementor-container elementor-column-gap-default\">\n\t\t\t\t\t\t\t<div class=\"elementor-row\">\n\t\t\t\t\t<div class=\"elementor-column elementor-col-100 elementor-top-column elementor-element elementor-element-ba54ff9\" data-id=\"ba54ff9\" data-element_type=\"column\">\n\t\t\t<div class=\"elementor-column-wrap elementor-element-populated\">\n\t\t\t\t\t\t\t<div class=\"elementor-widget-wrap\">\n\t\t\t\t\t\t<div class=\"elementor-element elementor-element-eb87b92 uael-cf7-input-size-xs uael-cf7-style-box uael-cf7-button-left uael-cf7-btn-size-sm uael-cf7-highlight-style-default elementor-widget elementor-widget-uael-cf7-styler\" data-id=\"eb87b92\" data-element_type=\"widget\" data-widget_type=\"uael-cf7-styler.default\">\n\t\t\t\t<div class=\"elementor-widget-container\">\n\t\t\t\t\t\t\t<div class = \"uael-cf7-container\">\n\t\t\t\t\t\t<div class = \"uael-cf7 uael-cf7-style elementor-clickable\">\n\t\t\t\t\t\t<div role=\"form\" class=\"wpcf7\" id=\"wpcf7-f2103-o1\" lang=\"en-US\" dir=\"ltr\">\n<div class=\"screen-reader-response\"><p role=\"status\" aria-live=\"polite\" aria-atomic=\"true\"><\/p> <ul><\/ul><\/div>\n<form action=\"\/fr\/wp-json\/wp\/v2\/pages\/1982#wpcf7-f2103-o1\" method=\"post\" class=\"wpcf7-form init\" novalidate=\"novalidate\" data-status=\"init\">\n<div style=\"display: none;\">\n<input type=\"hidden\" name=\"_wpcf7\" value=\"2103\" \/>\n<input type=\"hidden\" name=\"_wpcf7_version\" value=\"5.5.5\" \/>\n<input type=\"hidden\" name=\"_wpcf7_locale\" value=\"en_US\" \/>\n<input type=\"hidden\" name=\"_wpcf7_unit_tag\" value=\"wpcf7-f2103-o1\" \/>\n<input type=\"hidden\" name=\"_wpcf7_container_post\" value=\"0\" \/>\n<input type=\"hidden\" name=\"_wpcf7_posted_data_hash\" value=\"\" \/>\n<input type=\"hidden\" name=\"_wpcf7_recaptcha_response\" value=\"\" \/>\n<\/div>\n<p><label> Qui souhaitez-vous contacter?<br \/>\n    <span class=\"wpcf7-form-control-wrap contatto\"><select name=\"contatto\" class=\"wpcf7-form-control wpcf7-select wpcf7-validates-as-required\" aria-required=\"true\" aria-invalid=\"false\"><option value=\"\">---<\/option><option value=\"Ceramica Rondine\">Ceramica Rondine<\/option><option value=\"Elios Ceramica\">Elios Ceramica<\/option><option value=\"La Fabbrica Ceramiche\">La Fabbrica Ceramiche<\/option><\/select><\/span> <\/label><\/p>\n<div class=\"ast-row\" style=\"margin-bottom: 0;\">\n<div class=\"ast-col-xs-12 ast-col-sm-12 ast-col-md-12 ast-col-lg-4\">\n<label> Nom*<br \/>\n<span class=\"wpcf7-form-control-wrap nome\"><input type=\"text\" name=\"nome\" value=\"\" size=\"40\" class=\"wpcf7-form-control wpcf7-text wpcf7-validates-as-required\" aria-required=\"true\" aria-invalid=\"false\" \/><\/span> <\/label>\n<\/div>\n<div class=\"ast-col-xs-12 ast-col-sm-12 ast-col-md-12 ast-col-lg-4\">\n<label> Pr\u00e9nom*<br \/>\n<span class=\"wpcf7-form-control-wrap cognome\"><input type=\"text\" name=\"cognome\" value=\"\" size=\"40\" class=\"wpcf7-form-control wpcf7-text wpcf7-validates-as-required\" aria-required=\"true\" aria-invalid=\"false\" \/><\/span> <\/label>\n<\/div>\n<div class=\"ast-col-xs-12 ast-col-sm-12 ast-col-md-12 ast-col-lg-4\">\n<label> Email*<br \/>\n    <span class=\"wpcf7-form-control-wrap your-email\"><input type=\"email\" name=\"your-email\" value=\"\" size=\"40\" class=\"wpcf7-form-control wpcf7-text wpcf7-email wpcf7-validates-as-required wpcf7-validates-as-email\" aria-required=\"true\" aria-invalid=\"false\" \/><\/span> <\/label>\n<\/div>\n<div class=\"ast-col-xs-12 ast-col-sm-12 ast-col-md-12 ast-col-lg-4\">\n<label> Adresse:<br \/>\n<span class=\"wpcf7-form-control-wrap indirizzo\"><input type=\"text\" name=\"indirizzo\" value=\"\" size=\"40\" class=\"wpcf7-form-control wpcf7-text\" aria-invalid=\"false\" \/><\/span> <\/label>\n<\/div>\n<div class=\"ast-col-xs-12 ast-col-sm-12 ast-col-md-12 ast-col-lg-4\">\n<label> Ville*<br \/>\n<span class=\"wpcf7-form-control-wrap citta\"><input type=\"text\" name=\"citta\" value=\"\" size=\"40\" class=\"wpcf7-form-control wpcf7-text wpcf7-validates-as-required\" aria-required=\"true\" aria-invalid=\"false\" \/><\/span> <\/label>\n<\/div>\n<div class=\"ast-col-xs-12 ast-col-sm-12 ast-col-md-12 ast-col-lg-4\">\n<label> T\u00e9l\u00e9phone*<br \/>\n   <span class=\"wpcf7-form-control-wrap tel-328\"><input type=\"tel\" name=\"tel-328\" value=\"\" size=\"40\" class=\"wpcf7-form-control wpcf7-text wpcf7-tel wpcf7-validates-as-required wpcf7-validates-as-tel\" aria-required=\"true\" aria-invalid=\"false\" \/><\/span> <\/label>\n<\/div>\n<\/div>\n<p><label> Laisser un message<br \/>\n  <span class=\"wpcf7-form-control-wrap messaggio\"><textarea name=\"messaggio\" cols=\"40\" rows=\"10\" class=\"wpcf7-form-control wpcf7-textarea wpcf7-validates-as-required\" aria-required=\"true\" aria-invalid=\"false\"><\/textarea><\/span> <\/label><br \/>\nConform\u00e9ment \u00e0 l\u2019article 13 du R\u00e8glement europ\u00e9en 2016\/679 (le R\u00e8glement g\u00e9n\u00e9ral sur la protection des donn\u00e9es), ITALCER S.p.A. souhaite informer tous les utilisateurs et\/ou les internautes consultant le site www.eliosceramica.it (respectivement les \u00ab Utilisateurs \u00bb et le \u00ab Site) de son utilisation des donn\u00e9es \u00e0 caract\u00e8re personnel, des fichiers journaux ainsi que des cookies collect\u00e9s via le Site.<\/p>\n<h4>1. Responsable du traitement et d\u00e9l\u00e9gu\u00e9 \u00e0 la protection des donn\u00e9es<\/h4>\n<p>Le responsable du traitement des donn\u00e9es \u00e0 caract\u00e8re personnel est Italcer S.p.A. (code fiscal et num\u00e9ro de TVA 00142060359) dont le si\u00e8ge social se trouve 53\/A Via Emilia Ovest, 42048 \u2013 Rubiera (RE) PEC (courrier \u00e9lectronique certifi\u00e9) rondine.amministrazione@pec.it (ci-apr\u00e8s le \u00ab Responsable \u00bb).<\/p>\n<h4>2. Informations collect\u00e9es par le Site :<\/h4>\n<p>a) automatiquement<\/p>\n<p>Donn\u00e9es de navigation<br \/>\nLes syst\u00e8mes informatiques et les processus logiciels mis en \u0153uvre en vue du bon fonctionnement de ce site acqui\u00e8rent, dans le cadre de leur ex\u00e9cution normale, certaines donn\u00e9es \u00e0 caract\u00e8re personnel dont la transmission est implicite dans l\u2019usage des protocoles de communication Internet.<br \/>\nCes donn\u00e9es, n\u00e9cessaires \u00e0 l\u2019utilisation des services Web, sont \u00e9galement trait\u00e9es dans le but :<\/p>\n<p>d\u2019obtenir des informations statistiques sur l\u2019utilisation des services ;<br \/>\nde v\u00e9rifier le bon fonctionnement des services propos\u00e9s.<br \/>\nLa dur\u00e9e de conservation des donn\u00e9es de navigation est au maximum de 26 mois (sauf \u00e9ventuelles n\u00e9cessit\u00e9s de constatation de d\u00e9lits par une autorit\u00e9 judiciaire).<\/p>\n<p>b) communiqu\u00e9es par l\u2019Utilisateur<\/p>\n<p>\u2013 Donn\u00e9es communiqu\u00e9es par l\u2019Utilisateur :<\/p>\n<p>L\u2019envoi facultatif, explicite et volontaire de donn\u00e9es via les diff\u00e9rents formulaires \u00e0 remplir du site implique l\u2019acquisition des coordonn\u00e9es de l\u2019exp\u00e9diteur n\u00e9cessaires pour r\u00e9pondre \u00e0 ses demandes de contact, de service ou \u00e0 l\u2019\u00e9ventuelle attribution d\u2019informations d\u2019identification pour les espaces r\u00e9serv\u00e9s.<\/p>\n<p>c) par le biais de cookies<\/p>\n<p>Le site utilise des cookies. Veuillez consulter les informations compl\u00e9mentaires concernant les cookies pour en savoir plus \u00e0 ce propos.<\/p>\n<h4>3. Type de donn\u00e9es \u00e0 caract\u00e8re personnel, finalit\u00e9s, base juridique et dur\u00e9e de conservation<\/h4>\n<p>Les donn\u00e9es \u00e0 caract\u00e8re personnel demand\u00e9es et fournies sont utilis\u00e9es afin de garantir l\u2019acc\u00e8s au site et la prestation des services suivants :<br \/>\nType de service : espace contacts pour les produits.<br \/>\nType de donn\u00e9es \u00e0 caract\u00e8re personnel collect\u00e9es : donn\u00e9es d\u2019identification, coordonn\u00e9es (par exemple : e-mail, num\u00e9ros de t\u00e9l\u00e9phone, etc.)<\/p>\n<p>Finalit\u00e9 : obtenir, par le biais du formulaire pr\u00e9vu \u00e0 cet effet, les donn\u00e9es concernant les Utilisateurs du site n\u00e9cessaires pour r\u00e9pondre \u00e0 leurs demandes de contact \u00e0 des fins d\u2019information\/commerciales (Espace contacts).<\/p>\n<p>Base juridique : consentement\/ex\u00e9cution contractuelle.<br \/>\nDur\u00e9e de conservation : 24 mois \u00e0 compter de l\u2019acquisition ou du renouvellement du contact.<br \/>\nType de service : newsletter<br \/>\nType de donn\u00e9es \u00e0 caract\u00e8re personnel collect\u00e9es : donn\u00e9es d\u2019identification, coordonn\u00e9es e-mail.<br \/>\nFinalit\u00e9 : contacter les abonn\u00e9s via l\u2019envoi d\u2019une newsletter p\u00e9riodique \u00e0 propos des activit\u00e9s de la soci\u00e9t\u00e9 (NEWSLETTER).<br \/>\nBase juridique : consentement.<br \/>\nDur\u00e9e de conservation : 24 mois ou jusqu\u2019au retrait du consentement.<\/p>\n<p>Le traitement des donn\u00e9es en vue des finalit\u00e9s susmentionn\u00e9es sera effectu\u00e9 conform\u00e9ment au R\u00e8glement g\u00e9n\u00e9ral sur la protection des donn\u00e9es et \u00e0 toutes les r\u00e9glementations du secteur applicables.<\/p>\n<p>Les donn\u00e9es fournies seront principalement trait\u00e9es \u00e0 l\u2019aide d\u2019outils informatiques sous l\u2019autorit\u00e9 du Responsable du traitement par des personnes sp\u00e9cialement d\u00e9sign\u00e9es, habilit\u00e9es et form\u00e9es au traitement conform\u00e9ment aux articles 28 et 29 du R\u00e8glement g\u00e9n\u00e9ral sur la protection des donn\u00e9es. Nous vous informons que nous mettons en \u0153uvre des mesures de s\u00e9curit\u00e9 appropri\u00e9es, notamment aux termes des articles 5 et 32 du R\u00e8glement g\u00e9n\u00e9ral sur la protection des donn\u00e9es afin de pr\u00e9venir toute perte de donn\u00e9es, toute utilisation illicite\/inappropri\u00e9e ou tout acc\u00e8s non autoris\u00e9.<\/p>\n<h4>4. Caract\u00e8re obligatoire ou facultatif du consentement \u00e0 la communication des donn\u00e9es<\/h4>\n<p>La communication des donn\u00e9es est facultative mais toute non-communication pourra rendre impossible la prestation de certains des services pr\u00e9vus par notre site.<\/p>\n<h4>5. Cadre de transmission des donn\u00e9es<\/h4>\n<p>Les donn\u00e9es pourront \u00eatre communiqu\u00e9es, au sein de l\u2019UE, aux personnes suivantes conform\u00e9ment aux dispositions du R\u00e8glement g\u00e9n\u00e9ral sur la protection des donn\u00e9es :<\/p>\n<p>(1) \u00e0 l\u2019administration financi\u00e8re et\/ou \u00e0 d\u2019autres autorit\u00e9s publiques, lorsque la loi l\u2019exigera ou \u00e0 leur demande ;<br \/>\n(2) aux structures, aux personnes ou aux soci\u00e9t\u00e9s ext\u00e9rieures auxquelles le Responsable fait appel pour mener \u00e0 bien les activit\u00e9s annexes, instrumentales ou cons\u00e9cutives \u00e0 la prestation des services du Site.<\/p>\n<p>Si le transfert est n\u00e9cessaire \u00e0 la prestation des services du Site, les informations collect\u00e9es automatiquement par ce dernier pourront \u00eatre transf\u00e9r\u00e9es vers des serveurs cloud de tiers se trouvant en dehors de l\u2019UE. La base juridique de ce traitement correspondra par cons\u00e9quent \u00e0 l\u2019article 49, alin\u00e9a 1, point b) du R\u00e8glement g\u00e9n\u00e9ral sur la protection des donn\u00e9es.<\/p>\n<h4>6. Mesures de s\u00e9curit\u00e9<\/h4>\n<p>Le traitement des donn\u00e9es collect\u00e9es via le Site respecte la l\u00e9gislation applicable et est soumis \u00e0 des mesures de s\u00e9curit\u00e9 appropri\u00e9es conform\u00e9ment \u00e0 la r\u00e9glementation en vigueur, notamment aux articles 5 et 32 du R\u00e8glement g\u00e9n\u00e9ral sur la protection des donn\u00e9es.<\/p>\n<p>Nous confirmons \u00e0 cet \u00e9gard l\u2019adoption de mesures de s\u00e9curit\u00e9 pertinentes pour emp\u00eacher les acc\u00e8s interdits, les vols, les divulgations, les modifications ou les destructions non autoris\u00e9es des donn\u00e9es trait\u00e9es.<\/p>\n<h4>7. Vos droits<\/h4>\n<p>Nous vous rappelons que vous pouvez \u00e0 tout moment exercer les droits vis\u00e9s aux articles 15 et suivants du R\u00e8glement g\u00e9n\u00e9ral sur la protection des donn\u00e9es en envoyant une communication \u00e9crite \u00e0 l\u2019adresse du Responsable afin d\u2019obtenir :<\/p>\n<p>\u2022 la confirmation de l\u2019\u00e9ventuelle existence de donn\u00e9es \u00e0 caract\u00e8re personnel vous concernant et d\u2019en conna\u00eetre l\u2019origine, d\u2019en v\u00e9rifier l\u2019exactitude ou d\u2019en demander l\u2019actualisation, la rectification ou l\u2019int\u00e9gration ;<br \/>\n\u2022 l\u2019acc\u00e8s aux donn\u00e9es, leur suppression ou la limitation du traitement ;<br \/>\n\u2022 l\u2019anonymisation ou le blocage des donn\u00e9es trait\u00e9es en violation de la loi.<br \/>\nVous pouvez \u00e9galement vous opposer au traitement de donn\u00e9es \u00e0 caract\u00e8re personnel pr\u00e9c\u00e9demment fournies.<\/p>\n<p>Concernant la newsletter, veuillez noter que vous pourrez exprimer votre \u00e9ventuelle demande d\u2019annulation \u00e0 l\u2019aide d\u2019un lien\/d\u2019un bouton sp\u00e9cialement pr\u00e9vu \u00e0 cet effet.<\/p>\n<h4>8. Modifications apport\u00e9es \u00e0 la politique de protection des donn\u00e9es<\/h4>\n<p>Le Responsable se r\u00e9serve le droit d\u2019apporter des modifications \u00e0 la pr\u00e9sente politique de protection des donn\u00e9es et de remplacer les versions pr\u00e9c\u00e9dentes par la version modifi\u00e9e. Date de publication de cette politique : janvier 2021.<\/p>\n<p><span class=\"wpcf7-form-control-wrap acceptance-32\"><span class=\"wpcf7-form-control wpcf7-acceptance\"><span class=\"wpcf7-list-item\"><label><input type=\"checkbox\" name=\"acceptance-32\" value=\"1\" aria-invalid=\"false\" \/><span class=\"wpcf7-list-item-label\">J\u2019accepte la <a href=\"\/fr\/privacy\/\" target=\"blank\">politique de protection des donn\u00e9es<\/a> (obligatoire)<\/span><\/label><\/span><\/span><\/span> <span class=\"wpcf7-form-control-wrap acceptance-290\"><span class=\"wpcf7-form-control wpcf7-acceptance optional\"><span class=\"wpcf7-list-item\"><label><input type=\"checkbox\" name=\"acceptance-290\" value=\"1\" aria-invalid=\"false\" \/><span class=\"wpcf7-list-item-label\">M\u2019inscrire \u00e0 la newsletter<\/span><\/label><\/span><\/span><\/span><\/p>\n<p><input type=\"submit\" value=\"ENVOYER\" class=\"wpcf7-form-control has-spinner wpcf7-submit\" \/><\/p>\n<div class=\"wpcf7-response-output\" aria-hidden=\"true\"><\/div><\/form><\/div>\t\t\t\t\t<\/div>\n\t\t\t\t<\/div>\n\t\t\t\t\t\t<\/div>\n\t\t\t\t<\/div>\n\t\t\t\t\t\t<\/div>\n\t\t\t\t\t<\/div>\n\t\t<\/div>\n\t\t\t\t\t\t\t\t<\/div>\n\t\t\t\t\t<\/div>\n\t\t<\/section>\n\t\t\t\t\t\t<\/div>\n\t\t\t\t\t\t<\/div>\n\t\t\t\t\t<\/div>\n\t\t","protected":false},"excerpt":{"rendered":"<p>Nous contacter Voulez-vous en savoir plus sur notre technologie?N&rsquo;h\u00e9sitez pas \u00e0 nous contacter: remplissez le formulaire ci-dessous, nous vous r\u00e9pondrons dans les plus brefs d\u00e9lais! Qui souhaitez-vous contacter? &#8212;Ceramica RondineElios CeramicaLa Fabbrica Ceramiche Nom* Pr\u00e9nom* Email* Adresse: Ville* T\u00e9l\u00e9phone* Laisser un message En acceptant la demande, j\u2019autorise le traitement de mes donn\u00e9es personnelles conform\u00e9ment \u00e0 &hellip;<\/p>\n<p class=\"read-more\"> <a class=\"\" href=\"https:\/\/www.advanceceramic.it\/fr\/contacts\/\"> <span class=\"screen-reader-text\">Contacts<\/span> Lire la suite\u00a0\u00bb<\/a><\/p>\n","protected":false},"author":1,"featured_media":0,"parent":0,"menu_order":0,"comment_status":"closed","ping_status":"closed","template":"","meta":{"site-sidebar-layout":"no-sidebar","site-content-layout":"page-builder","ast-main-header-display":"","ast-hfb-above-header-display":"","ast-hfb-below-header-display":"","ast-hfb-mobile-header-display":"","site-post-title":"disabled","ast-breadcrumbs-content":"","ast-featured-img":"disabled","footer-sml-layout":"","theme-transparent-header-meta":"default","adv-header-id-meta":"","stick-header-meta":"","header-above-stick-meta":"","header-main-stick-meta":"","header-below-stick-meta":""},"yoast_head":"<!-- This site is optimized with the Yoast SEO plugin v18.1 - https:\/\/yoast.com\/wordpress\/plugins\/seo\/ -->\n<title>Tecnologia ADVANCE\u00ae: contattaci per pi\u00f9 informazioni<\/title>\n<meta name=\"description\" content=\"Contattaci per maggiori informazioni sull\u2019innovativa ceramica ADVANCE\u00ae per pavimenti e rivestimenti, che grazie alle sue proprieta\u0300 antivirali, antibatteriche e antinquinanti, garantisce una maggiore protezione delle superfici e ambienti piu\u0300 salubri.\" \/>\n<meta name=\"robots\" content=\"index, follow, max-snippet:-1, max-image-preview:large, max-video-preview:-1\" \/>\n<link rel=\"canonical\" href=\"https:\/\/www.advanceceramic.it\/fr\/contacts\/\" \/>\n<meta property=\"og:locale\" content=\"fr_FR\" \/>\n<meta property=\"og:type\" content=\"article\" \/>\n<meta property=\"og:title\" content=\"Tecnologia ADVANCE\u00ae: contattaci per pi\u00f9 informazioni\" \/>\n<meta property=\"og:description\" content=\"Contattaci per maggiori informazioni sull\u2019innovativa ceramica ADVANCE\u00ae per pavimenti e rivestimenti, che grazie alle sue proprieta\u0300 antivirali, antibatteriche e antinquinanti, garantisce una maggiore protezione delle superfici e ambienti piu\u0300 salubri.\" \/>\n<meta property=\"og:url\" content=\"https:\/\/www.advanceceramic.it\/fr\/contacts\/\" \/>\n<meta property=\"og:site_name\" content=\"Advance\" \/>\n<meta property=\"article:modified_time\" content=\"2021-01-28T09:39:19+00:00\" \/>\n<meta name=\"twitter:card\" content=\"summary_large_image\" \/>\n<meta name=\"twitter:label1\" content=\"Dur\u00e9e de lecture estim\u00e9e\" \/>\n\t<meta name=\"twitter:data1\" content=\"1 minute\" \/>\n<script type=\"application\/ld+json\" class=\"yoast-schema-graph\">{\"@context\":\"https:\/\/schema.org\",\"@graph\":[{\"@type\":\"WebSite\",\"@id\":\"https:\/\/www.advanceceramic.it\/#website\",\"url\":\"https:\/\/www.advanceceramic.it\/\",\"name\":\"Advance\",\"description\":\"\",\"potentialAction\":[{\"@type\":\"SearchAction\",\"target\":{\"@type\":\"EntryPoint\",\"urlTemplate\":\"https:\/\/www.advanceceramic.it\/?s={search_term_string}\"},\"query-input\":\"required name=search_term_string\"}],\"inLanguage\":\"fr-FR\"},{\"@type\":\"WebPage\",\"@id\":\"https:\/\/www.advanceceramic.it\/fr\/contacts\/#webpage\",\"url\":\"https:\/\/www.advanceceramic.it\/fr\/contacts\/\",\"name\":\"Tecnologia ADVANCE\u00ae: contattaci per pi\u00f9 informazioni\",\"isPartOf\":{\"@id\":\"https:\/\/www.advanceceramic.it\/#website\"},\"datePublished\":\"2021-01-27T14:55:56+00:00\",\"dateModified\":\"2021-01-28T09:39:19+00:00\",\"description\":\"Contattaci per maggiori informazioni sull\u2019innovativa ceramica ADVANCE\u00ae per pavimenti e rivestimenti, che grazie alle sue proprieta\u0300 antivirali, antibatteriche e antinquinanti, garantisce una maggiore protezione delle superfici e ambienti piu\u0300 salubri.\",\"breadcrumb\":{\"@id\":\"https:\/\/www.advanceceramic.it\/fr\/contacts\/#breadcrumb\"},\"inLanguage\":\"fr-FR\",\"potentialAction\":[{\"@type\":\"ReadAction\",\"target\":[\"https:\/\/www.advanceceramic.it\/fr\/contacts\/\"]}]},{\"@type\":\"BreadcrumbList\",\"@id\":\"https:\/\/www.advanceceramic.it\/fr\/contacts\/#breadcrumb\",\"itemListElement\":[{\"@type\":\"ListItem\",\"position\":1,\"name\":\"Home\",\"item\":\"https:\/\/www.advanceceramic.it\/fr\/\"},{\"@type\":\"ListItem\",\"position\":2,\"name\":\"Contacts\"}]}]}<\/script>\n<!-- \/ Yoast SEO plugin. -->","yoast_head_json":{"title":"Tecnologia ADVANCE\u00ae: contattaci per pi\u00f9 informazioni","description":"Contattaci per maggiori informazioni sull\u2019innovativa ceramica ADVANCE\u00ae per pavimenti e rivestimenti, che grazie alle sue proprieta\u0300 antivirali, antibatteriche e antinquinanti, garantisce una maggiore protezione delle superfici e ambienti piu\u0300 salubri.","robots":{"index":"index","follow":"follow","max-snippet":"max-snippet:-1","max-image-preview":"max-image-preview:large","max-video-preview":"max-video-preview:-1"},"canonical":"https:\/\/www.advanceceramic.it\/fr\/contacts\/","og_locale":"fr_FR","og_type":"article","og_title":"Tecnologia ADVANCE\u00ae: contattaci per pi\u00f9 informazioni","og_description":"Contattaci per maggiori informazioni sull\u2019innovativa ceramica ADVANCE\u00ae per pavimenti e rivestimenti, che grazie alle sue proprieta\u0300 antivirali, antibatteriche e antinquinanti, garantisce una maggiore protezione delle superfici e ambienti piu\u0300 salubri.","og_url":"https:\/\/www.advanceceramic.it\/fr\/contacts\/","og_site_name":"Advance","article_modified_time":"2021-01-28T09:39:19+00:00","twitter_card":"summary_large_image","twitter_misc":{"Dur\u00e9e de lecture estim\u00e9e":"1 minute"},"schema":{"@context":"https:\/\/schema.org","@graph":[{"@type":"WebSite","@id":"https:\/\/www.advanceceramic.it\/#website","url":"https:\/\/www.advanceceramic.it\/","name":"Advance","description":"","potentialAction":[{"@type":"SearchAction","target":{"@type":"EntryPoint","urlTemplate":"https:\/\/www.advanceceramic.it\/?s={search_term_string}"},"query-input":"required name=search_term_string"}],"inLanguage":"fr-FR"},{"@type":"WebPage","@id":"https:\/\/www.advanceceramic.it\/fr\/contacts\/#webpage","url":"https:\/\/www.advanceceramic.it\/fr\/contacts\/","name":"Tecnologia ADVANCE\u00ae: contattaci per pi\u00f9 informazioni","isPartOf":{"@id":"https:\/\/www.advanceceramic.it\/#website"},"datePublished":"2021-01-27T14:55:56+00:00","dateModified":"2021-01-28T09:39:19+00:00","description":"Contattaci per maggiori informazioni sull\u2019innovativa ceramica ADVANCE\u00ae per pavimenti e rivestimenti, che grazie alle sue proprieta\u0300 antivirali, antibatteriche e antinquinanti, garantisce una maggiore protezione delle superfici e ambienti piu\u0300 salubri.","breadcrumb":{"@id":"https:\/\/www.advanceceramic.it\/fr\/contacts\/#breadcrumb"},"inLanguage":"fr-FR","potentialAction":[{"@type":"ReadAction","target":["https:\/\/www.advanceceramic.it\/fr\/contacts\/"]}]},{"@type":"BreadcrumbList","@id":"https:\/\/www.advanceceramic.it\/fr\/contacts\/#breadcrumb","itemListElement":[{"@type":"ListItem","position":1,"name":"Home","item":"https:\/\/www.advanceceramic.it\/fr\/"},{"@type":"ListItem","position":2,"name":"Contacts"}]}]}},"_links":{"self":[{"href":"https:\/\/www.advanceceramic.it\/fr\/wp-json\/wp\/v2\/pages\/1982"}],"collection":[{"href":"https:\/\/www.advanceceramic.it\/fr\/wp-json\/wp\/v2\/pages"}],"about":[{"href":"https:\/\/www.advanceceramic.it\/fr\/wp-json\/wp\/v2\/types\/page"}],"author":[{"embeddable":true,"href":"https:\/\/www.advanceceramic.it\/fr\/wp-json\/wp\/v2\/users\/1"}],"replies":[{"embeddable":true,"href":"https:\/\/www.advanceceramic.it\/fr\/wp-json\/wp\/v2\/comments?post=1982"}],"version-history":[{"count":7,"href":"https:\/\/www.advanceceramic.it\/fr\/wp-json\/wp\/v2\/pages\/1982\/revisions"}],"predecessor-version":[{"id":2106,"href":"https:\/\/www.advanceceramic.it\/fr\/wp-json\/wp\/v2\/pages\/1982\/revisions\/2106"}],"wp:attachment":[{"href":"https:\/\/www.advanceceramic.it\/fr\/wp-json\/wp\/v2\/media?parent=1982"}],"curies":[{"name":"wp","href":"https:\/\/api.w.org\/{rel}","templated":true}]}}